{"id":11341,"date":"2019-03-26T16:59:28","date_gmt":"2019-03-26T16:59:28","guid":{"rendered":"https:\/\/sienteomana.com\/en\/?page_id=11341"},"modified":"2019-03-27T16:02:29","modified_gmt":"2019-03-27T16:02:29","slug":"fiestas","status":"publish","type":"page","link":"https:\/\/sienteomana.com\/en\/fiestas\/","title":{"rendered":"FIESTAS"},"content":{"rendered":"<div  class=\"one\" style=\"padding:0px 0 0px 0;\" >\n<div class=\"standard_wrapper\">\n<div class=\"page_content_wrapper\">\n<div class=\"inner\">\n<div class=\"one_half content_middle animate textright\">\n<p><strong>SANTA ANA EN BARRIO DE LA PUENTE<\/strong><\/p>\n<p>Barrio de la Puente celebra sus fiestas en honor a Santa Ana (26 de julio) durante el primer fin de semana de agosto. En 2019 ser\u00e1 del viernes 2 al domingo 4 de agosto. El Pueblo celebra la tradicional romer\u00eda en procesi\u00f3n a la ermita de Santa Ana y el recorrido por el pueblo con los pendones, bailes tradicionales, juego de bolos, juegos infantiles y verbenas nocturnas.<\/p>\n<\/div>\n<div class=\"one_half last\"><\/div>\n<p><br class=\"clear\"\/><\/div>\n<\/div>\n<\/div>\n<\/div>\n<div  class=\"one\" style=\"padding:0px 0 0px 0;\" >\n<div class=\"standard_wrapper\">\n<div class=\"page_content_wrapper\">\n<div class=\"inner\">\n<div class=\"one_half content_middle animate textright\">\n<p><strong>SANTIAGO AP\u00d3STOL EN FASGAR<\/strong><\/p>\n<p>Campo de Santiago acoge cada 25 de julio la romer\u00eda en honor a Santiago Ap\u00f3stol. Cientos de romeros acuden desde Fasgar y el cercano pueblo de Colinas de Campo, en el Alto Sil. El pueblo celebra la tradicional procesi\u00f3n de pendones, ha instaurado una concurrida ruta de bodegas en la que participan todos los vecinos y acoge el campeonato de trial, prueba puntuable en el nacional. Verbenas y bailes vermout completan los festejos en el f\u00edn de semana m\u00e1s cercano a la fiesta del patr\u00f3n.<\/p>\n<\/div>\n<div class=\"one_half last\"><\/div>\n<p><br class=\"clear\"\/><\/div>\n<\/div>\n<\/div>\n<\/div>\n<div  class=\"one\" style=\"padding:0px 0 0px 0;\" >\n<div class=\"standard_wrapper\">\n<div class=\"page_content_wrapper\">\n<div class=\"inner\">\n<div class=\"one_half content_middle animate textright\">\n<p><strong>LA INMACULADA EN LAZADO<br \/>\n<\/strong><\/p>\n<p>El 8 de diciembre Lazado celebra la festividad de La Inmaculada.<\/p>\n<\/div>\n<div class=\"one_half last\"><\/div>\n<p><br class=\"clear\"\/><\/div>\n<\/div>\n<\/div>\n<\/div>\n<div  class=\"one\" style=\"padding:0px 0 0px 0;\" >\n<div class=\"standard_wrapper\">\n<div class=\"page_content_wrapper\">\n<div class=\"inner\">\n<div class=\"one_half content_middle animate textright\">\n<p><strong>SAN BARTOLOM\u00c9 EN LOS BAYOS<\/strong><\/p>\n<p>El 24 de agosto Los Bayos celebra su fiesta patronal en honor a San Bartolom\u00e9.<\/p>\n<\/div>\n<div class=\"one_half last\"><\/div>\n<p><br class=\"clear\"\/><\/div>\n<\/div>\n<\/div>\n<\/div>\n<div  class=\"one\" style=\"padding:0px 0 0px 0;\" >\n<div class=\"standard_wrapper\">\n<div class=\"page_content_wrapper\">\n<div class=\"inner\">\n<div class=\"one_half content_middle animate textright\">\n<p><strong>CORPUS Y SANTA MARTA EN MONTRONDO<br \/>\n<\/strong><\/p>\n<p>La fiesta del Corpus Christi se celebra a mediados o finales de junio. El pueblo lo celebra el seg\u00fando s\u00e1bado siguiente. La fiesta de Santa Marta, a la que est\u00e1 dedicada la iglesia del pueblo, se celebra el \u00faltimo fin de semana de julio.<\/p>\n<\/div>\n<div class=\"one_half last\"><\/div>\n<p><br class=\"clear\"\/><\/div>\n<\/div>\n<\/div>\n<\/div>\n<div  class=\"one\" style=\"padding:0px 0 0px 0;\" >\n<div class=\"standard_wrapper\">\n<div class=\"page_content_wrapper\">\n<div class=\"inner\">\n<div class=\"one_half content_middle animate textright\">\n<p><strong>SAN JUAN EN MURIAS<br \/>\n<\/strong><\/p>\n<p>Murias celebra el s\u00e1bado de Carnaval y la Semana Santa. San Juan Bautista, el 24 de junio, el patrono del pueblo. Ese d\u00eda es tradici\u00f3n poner a los beb\u00e9s en los altares, al paso de la procesi\u00f3n. El tercer domingo de julio se celebra la Muestra de Artesan\u00eda y Oficios Tradicionales, punto de arranque de las Jornadas Culturales Memoria y Tradici\u00f3n que se celebran durante todo el verano en las localidades del municipio.<\/p>\n<p>En Navidad es el tiempo de la Pastorada Tradicional y la Cabalgata de Reyes, con chocolate y rosc\u00f3n incluidos al finalizar la representaci\u00f3n.<\/p>\n<\/div>\n<div class=\"one_half last\"><\/div>\n<p><br class=\"clear\"\/><\/div>\n<\/div>\n<\/div>\n<\/div>\n<div  class=\"one\" style=\"padding:0px 0 0px 0;\" >\n<div class=\"standard_wrapper\">\n<div class=\"page_content_wrapper\">\n<div class=\"inner\">\n<div class=\"one_half content_middle animate textright\">\n<p><strong>NUESTRA SE\u00d1ORA DE LA CASA EN POSADA DE OMA\u00d1A<br \/>\n<\/strong><\/p>\n<p>Cada 15 de agosto es costumbre acudir en romer\u00eda a la Ermita de Nuestra Se\u00f1ora de Pe\u00f1afurada, situada a medio camino entre Posada de Oma\u00f1a y Tremor de Arriba, ya en el Bierzo. El 16 de agosto se reparten las tradicionales \u201cbollas de San Roque\u201d a los miembros de la Cofrad\u00eda. Desde 2006 tambi\u00e9n se viene celebrando el segundo domingo de agosto el Concurso de Tapas para poner en valor la Patata del Valle Gordo.<\/p>\n<p>\u00a0<\/p>\n<\/div>\n<div class=\"one_half last\"><\/div>\n<p><br class=\"clear\"\/><\/div>\n<\/div>\n<\/div>\n<\/div>\n<div  class=\"one\" style=\"padding:0px 0 0px 0;\" >\n<div class=\"standard_wrapper\">\n<div class=\"page_content_wrapper\">\n<div class=\"inner\">\n<div class=\"one_half content_middle animate textright\">\n<p><strong>ROMERIA DE LA SEITA EN RODICOL<br \/>\n<\/strong><\/p>\n<p>Rodicol celebra su Romer\u00eda de la Seita cada 25 de marzo, festividad que ahora se ha trasladado al tercer s\u00e1bado de agosto. La Virgen, una talla que data del siglo XII, se lleva en procesi\u00f3n hasta la Ermita de La Seita, ubicada a dos kil\u00f3metros del pueblo. Una vez en la campa donde se asienta esta ermita del siglo XV, se celebra la misa con su tradicional canto del ramo y comida campestre.<\/p>\n<\/div>\n<div class=\"one_half last\"><\/div>\n<p><br class=\"clear\"\/><\/div>\n<\/div>\n<\/div>\n<\/div>\n<div  class=\"one\" style=\"padding:0px 0 0px 0;\" >\n<div class=\"standard_wrapper\">\n<div class=\"page_content_wrapper\">\n<div class=\"inner\">\n<div class=\"one_half content_middle animate textright\">\n<p><strong>NUESTRA SE\u00d1ORA EN SABUGO<br \/>\n<\/strong><\/p>\n<p>Cada 25 de marzo Sabugo celebra la fiesta en honor a Nuestra Se\u00f1ora.<\/p>\n<\/div>\n<div class=\"one_half last\"><\/div>\n<p><br class=\"clear\"\/><\/div>\n<\/div>\n<\/div>\n<\/div>\n<div  class=\"one\" style=\"padding:0px 0 0px 0;\" >\n<div class=\"standard_wrapper\">\n<div class=\"page_content_wrapper\">\n<div class=\"inner\">\n<div class=\"one_half content_middle animate textright\">\n<p><strong>CORPUS EN SENRA<br \/>\n<\/strong><\/p>\n<p>Los vecinos celebran la festividad del Corpus en Senra el prim\u00e9r s\u00e1bado siguiente a la fiesta.<\/p>\n<\/div>\n<div class=\"one_half last\"><\/div>\n<p><br class=\"clear\"\/><\/div>\n<\/div>\n<\/div>\n<\/div>\n<div  class=\"one\" style=\"padding:0px 0 0px 0;\" >\n<div class=\"standard_wrapper\">\n<div class=\"page_content_wrapper\">\n<div class=\"inner\">\n<div class=\"one_half content_middle animate textright\">\n<p><strong>CORPUS EN TORRECILLO<\/strong><\/p>\n<p>Torrecillo tambi\u00e9n celebra el Corpus.<\/p>\n<\/div>\n<div class=\"one_half last\"><\/div>\n<p><br class=\"clear\"\/><\/div>\n<\/div>\n<\/div>\n<\/div>\n<div  class=\"one\" style=\"padding:0px 0 0px 0;\" >\n<div class=\"standard_wrapper\">\n<div class=\"page_content_wrapper\">\n<div class=\"inner\">\n<div class=\"one_half content_middle animate textright\">\n<p><strong>REYES EN VEGAPUJ\u00cdN<\/strong><\/p>\n<p>La fiesta de Reyes se celebra cada a\u00f1o en Vegapuj\u00edn.<\/p>\n<\/div>\n<div class=\"one_half last\"><\/div>\n<p><br class=\"clear\"\/><\/div>\n<\/div>\n<\/div>\n<\/div>\n<div  class=\"one\" style=\"padding:0px 0 0px 0;\" >\n<div class=\"standard_wrapper\">\n<div class=\"page_content_wrapper\">\n<div class=\"inner\">\n<div class=\"one_half content_middle animate textright\">\n<p><strong>CORPUS EN VILLABAND\u00cdN<br \/>\n<\/strong><\/p>\n<p>El s\u00e1bado anterior al Corpus, Villaband\u00edn celebra esta festividad.<\/p>\n<\/div>\n<div class=\"one_half last\"><\/div>\n<p><br class=\"clear\"\/><\/div>\n<\/div>\n<\/div>\n<\/div>\n<div  class=\"one\" style=\"padding:0px 0 0px 0;\" >\n<div class=\"standard_wrapper\">\n<div class=\"page_content_wrapper\">\n<div class=\"inner\">\n<div class=\"one_half content_middle animate textright\">\n<p><strong>SAN JUAN BAUTISTA Y SAN ANT\u00d3N EN VILLANUEVA<\/strong><\/p>\n<p>El 17 de enero Villanueva de Oma\u00f1a celebra la festividad en honor a sus patronos, San Juan Bautista y San Ant\u00f3n. En verano, los vecinos tambi\u00e9n celebran la tradicional comida de confraternizaci\u00f3n.<\/p>\n<\/div>\n<div class=\"one_half last\"><\/div>\n<p><br class=\"clear\"\/><\/div>\n<\/div>\n<\/div>\n<\/div>\n<div  class=\"one\" style=\"padding:0px 0 0px 0;\" >\n<div class=\"standard_wrapper\">\n<div class=\"page_content_wrapper\">\n<div class=\"inner\">\n<div class=\"one_half content_middle animate textright\">\n<p><strong>LA VIRGEN DE LA OFRENDA EN VIVERO<\/strong><\/p>\n<p>La patrona de Vivero es la Virgen de la Ofrenda, que se celebra el primer domingo de julio.<\/p>\n<\/div>\n<div class=\"one_half last\"><\/div>\n<p><br class=\"clear\"\/><\/div>\n<\/div>\n<\/div>\n<\/div>\n","protected":false},"excerpt":{"rendered":"<p>SANTA ANA EN BARRIO DE LA PUENTE Barrio de la Puente celebra sus fiestas en honor a Santa Ana (26 de julio) durante el primer fin de semana de agosto. En 2019 ser\u00e1 del viernes 2 al domingo 4 de [&hellip;]<\/p>\n","protected":false},"author":2,"featured_media":0,"parent":0,"menu_order":0,"comment_status":"closed","ping_status":"closed","template":"","meta":{"inline_featured_image":false,"footnotes":""},"class_list":["post-11341","page","type-page","status-publish","hentry"],"yoast_head":"<!-- This site is optimized with the Yoast SEO plugin v27.5 - https:\/\/yoast.com\/product\/yoast-seo-wordpress\/ -->\n<title>FIESTAS - (EN) Siente Oma\u00f1a<\/title>\n<meta name=\"robots\" content=\"index, follow, max-snippet:-1, max-image-preview:large, max-video-preview:-1\" \/>\n<link rel=\"canonical\" href=\"https:\/\/sienteomana.com\/en\/fiestas\/\" \/>\n<meta property=\"og:locale\" content=\"es_ES\" \/>\n<meta property=\"og:type\" content=\"article\" \/>\n<meta property=\"og:title\" content=\"FIESTAS - (EN) Siente Oma\u00f1a\" \/>\n<meta property=\"og:description\" content=\"SANTA ANA EN BARRIO DE LA PUENTE Barrio de la Puente celebra sus fiestas en honor a Santa Ana (26 de julio) durante el primer fin de semana de agosto. En 2019 ser\u00e1 del viernes 2 al domingo 4 de [&hellip;]\" \/>\n<meta property=\"og:url\" content=\"https:\/\/sienteomana.com\/en\/fiestas\/\" \/>\n<meta property=\"og:site_name\" content=\"(EN) Siente Oma\u00f1a\" \/>\n<meta property=\"article:modified_time\" content=\"2019-03-27T16:02:29+00:00\" \/>\n<meta name=\"twitter:card\" content=\"summary_large_image\" \/>\n<meta name=\"twitter:label1\" content=\"Tiempo de lectura\" \/>\n\t<meta name=\"twitter:data1\" content=\"3 minutos\" \/>\n<script type=\"application\/ld+json\" class=\"yoast-schema-graph\">{\"@context\":\"https:\\\/\\\/schema.org\",\"@graph\":[{\"@type\":\"WebPage\",\"@id\":\"https:\\\/\\\/sienteomana.com\\\/en\\\/fiestas\\\/\",\"url\":\"https:\\\/\\\/sienteomana.com\\\/en\\\/fiestas\\\/\",\"name\":\"FIESTAS - (EN) Siente Oma\u00f1a\",\"isPartOf\":{\"@id\":\"https:\\\/\\\/sienteomana.com\\\/en\\\/#website\"},\"datePublished\":\"2019-03-26T16:59:28+00:00\",\"dateModified\":\"2019-03-27T16:02:29+00:00\",\"breadcrumb\":{\"@id\":\"https:\\\/\\\/sienteomana.com\\\/en\\\/fiestas\\\/#breadcrumb\"},\"inLanguage\":\"es\",\"potentialAction\":[{\"@type\":\"ReadAction\",\"target\":[\"https:\\\/\\\/sienteomana.com\\\/en\\\/fiestas\\\/\"]}]},{\"@type\":\"BreadcrumbList\",\"@id\":\"https:\\\/\\\/sienteomana.com\\\/en\\\/fiestas\\\/#breadcrumb\",\"itemListElement\":[{\"@type\":\"ListItem\",\"position\":1,\"name\":\"Home\",\"item\":\"https:\\\/\\\/sienteomana.com\\\/en\\\/\"},{\"@type\":\"ListItem\",\"position\":2,\"name\":\"FIESTAS\"}]},{\"@type\":\"WebSite\",\"@id\":\"https:\\\/\\\/sienteomana.com\\\/en\\\/#website\",\"url\":\"https:\\\/\\\/sienteomana.com\\\/en\\\/\",\"name\":\"(EN) Siente Oma\u00f1a\",\"description\":\"Oma\u00f1a\",\"potentialAction\":[{\"@type\":\"SearchAction\",\"target\":{\"@type\":\"EntryPoint\",\"urlTemplate\":\"https:\\\/\\\/sienteomana.com\\\/en\\\/?s={search_term_string}\"},\"query-input\":{\"@type\":\"PropertyValueSpecification\",\"valueRequired\":true,\"valueName\":\"search_term_string\"}}],\"inLanguage\":\"es\"}]}<\/script>\n<!-- \/ Yoast SEO plugin. -->","yoast_head_json":{"title":"FIESTAS - (EN) Siente Oma\u00f1a","robots":{"index":"index","follow":"follow","max-snippet":"max-snippet:-1","max-image-preview":"max-image-preview:large","max-video-preview":"max-video-preview:-1"},"canonical":"https:\/\/sienteomana.com\/en\/fiestas\/","og_locale":"es_ES","og_type":"article","og_title":"FIESTAS - (EN) Siente Oma\u00f1a","og_description":"SANTA ANA EN BARRIO DE LA PUENTE Barrio de la Puente celebra sus fiestas en honor a Santa Ana (26 de julio) durante el primer fin de semana de agosto. En 2019 ser\u00e1 del viernes 2 al domingo 4 de [&hellip;]","og_url":"https:\/\/sienteomana.com\/en\/fiestas\/","og_site_name":"(EN) Siente Oma\u00f1a","article_modified_time":"2019-03-27T16:02:29+00:00","twitter_card":"summary_large_image","twitter_misc":{"Tiempo de lectura":"3 minutos"},"schema":{"@context":"https:\/\/schema.org","@graph":[{"@type":"WebPage","@id":"https:\/\/sienteomana.com\/en\/fiestas\/","url":"https:\/\/sienteomana.com\/en\/fiestas\/","name":"FIESTAS - (EN) Siente Oma\u00f1a","isPartOf":{"@id":"https:\/\/sienteomana.com\/en\/#website"},"datePublished":"2019-03-26T16:59:28+00:00","dateModified":"2019-03-27T16:02:29+00:00","breadcrumb":{"@id":"https:\/\/sienteomana.com\/en\/fiestas\/#breadcrumb"},"inLanguage":"es","potentialAction":[{"@type":"ReadAction","target":["https:\/\/sienteomana.com\/en\/fiestas\/"]}]},{"@type":"BreadcrumbList","@id":"https:\/\/sienteomana.com\/en\/fiestas\/#breadcrumb","itemListElement":[{"@type":"ListItem","position":1,"name":"Home","item":"https:\/\/sienteomana.com\/en\/"},{"@type":"ListItem","position":2,"name":"FIESTAS"}]},{"@type":"WebSite","@id":"https:\/\/sienteomana.com\/en\/#website","url":"https:\/\/sienteomana.com\/en\/","name":"(EN) Siente Oma\u00f1a","description":"Oma\u00f1a","potentialAction":[{"@type":"SearchAction","target":{"@type":"EntryPoint","urlTemplate":"https:\/\/sienteomana.com\/en\/?s={search_term_string}"},"query-input":{"@type":"PropertyValueSpecification","valueRequired":true,"valueName":"search_term_string"}}],"inLanguage":"es"}]}},"_links":{"self":[{"href":"https:\/\/sienteomana.com\/en\/wp-json\/wp\/v2\/pages\/11341","targetHints":{"allow":["GET"]}}],"collection":[{"href":"https:\/\/sienteomana.com\/en\/wp-json\/wp\/v2\/pages"}],"about":[{"href":"https:\/\/sienteomana.com\/en\/wp-json\/wp\/v2\/types\/page"}],"author":[{"embeddable":true,"href":"https:\/\/sienteomana.com\/en\/wp-json\/wp\/v2\/users\/2"}],"replies":[{"embeddable":true,"href":"https:\/\/sienteomana.com\/en\/wp-json\/wp\/v2\/comments?post=11341"}],"version-history":[{"count":87,"href":"https:\/\/sienteomana.com\/en\/wp-json\/wp\/v2\/pages\/11341\/revisions"}],"predecessor-version":[{"id":11468,"href":"https:\/\/sienteomana.com\/en\/wp-json\/wp\/v2\/pages\/11341\/revisions\/11468"}],"wp:attachment":[{"href":"https:\/\/sienteomana.com\/en\/wp-json\/wp\/v2\/media?parent=11341"}],"curies":[{"name":"wp","href":"https:\/\/api.w.org\/{rel}","templated":true}]}}